{"id":702,"date":"2020-08-29T11:40:09","date_gmt":"2020-08-29T11:40:09","guid":{"rendered":"https:\/\/www.meinedialysereisen.de\/?page_id=702"},"modified":"2022-06-03T20:27:39","modified_gmt":"2022-06-03T20:27:39","slug":"gipfelliste","status":"publish","type":"page","link":"https:\/\/www.meinedialysereisen.de\/?page_id=702","title":{"rendered":"Gipfelliste"},"content":{"rendered":"<p>Hier liste ich die Gipfel auf, die ich seit der Vorbereitung zur Alpen\u00fcberquerung im Sommer 2018 erklommen habe:<br \/>\n<span style=\"color: #ff0000;\">(Rote Eintr\u00e4ge: Klettern)<\/span><br \/>\n<span style=\"color: #0000ff;\">(Blaue Eintr\u00e4ge: Gipfel im Zuge meiner Alpen\u00fcberquerung)<\/span><\/p>\n<table style=\"width: 100%;\">\n<colgroup>\n<col style=\"width: 25%;\" span=\"1\" \/>\n<col style=\"width: 12%;\" span=\"1\" \/>\n<col style=\"width: 12%;\" span=\"1\" \/>\n<col style=\"width: 12%;\" span=\"1\" \/>\n<col style=\"width: 12%;\" span=\"1\" \/>\n<col style=\"width: 27%;\" span=\"1\" \/> <\/colgroup>\n<thead>\n<tr>\n<th><b>Berg<\/b><\/th>\n<th><b>H\u00f6he<\/b><\/th>\n<th><b>H\u00f6henmeter<\/b><\/th>\n<th><b>Distanz<\/b><\/th>\n<th><b>Datum<\/b><\/th>\n<th><b>Region<\/b><\/th>\n<\/tr>\n<\/thead>\n<tbody>\n<tr>\n<td>Prediktstuhl\/Blaubergschneid<\/td>\n<td align=\"center\">1562<\/td>\n<td align=\"center\">1392<\/td>\n<td align=\"center\">27,03<\/td>\n<td align=\"center\">19.08.2018<\/td>\n<td>Brandenberger Alpen<\/td>\n<\/tr>\n<tr>\n<td>Juifen<\/td>\n<td align=\"center\">1988<\/td>\n<td align=\"center\">1124<\/td>\n<td align=\"center\">21,80<\/td>\n<td align=\"center\">26.08.2018<\/td>\n<td>Karwendel \/ Achensee<\/td>\n<\/tr>\n<tr>\n<td>Ro\u00dfstein und Buchstein<\/td>\n<td align=\"center\">1698<\/td>\n<td align=\"center\">1154<\/td>\n<td align=\"center\">12,25<\/td>\n<td align=\"center\">28.08.2018<\/td>\n<td>Bayrische Voralpen \/ Tegernsee<\/td>\n<\/tr>\n<tr>\n<td>Demeljoch<\/td>\n<td align=\"center\">1923<\/td>\n<td align=\"center\">1425<\/td>\n<td align=\"center\">17,99<\/td>\n<td align=\"center\">09.09.2018<\/td>\n<td>Isarwinkel \/ Sylvensteinstausee<\/td>\n<\/tr>\n<tr>\n<td>Seekarspitze<\/td>\n<td align=\"center\">2053<\/td>\n<td align=\"center\">1257<\/td>\n<td align=\"center\">17,05<\/td>\n<td align=\"center\">15.09.2018<\/td>\n<td>Karwendel \/ Achensee<\/td>\n<\/tr>\n<tr>\n<td>Seebergspitze<\/td>\n<td align=\"center\">2085<\/td>\n<td align=\"center\">1181<\/td>\n<td align=\"center\">16,58<\/td>\n<td align=\"center\">23.09.2018<\/td>\n<td>Karwendel \/ Achensee<\/td>\n<\/tr>\n<tr>\n<td>Hinterunn\u00fctz<\/td>\n<td align=\"center\">2007<\/td>\n<td align=\"center\">1084<\/td>\n<td align=\"center\">8,98<\/td>\n<td align=\"center\">14.10.2018<\/td>\n<td>Brandenberger Alpen \/ Achensee<\/td>\n<\/tr>\n<tr>\n<td>B\u00e4renkopf<\/td>\n<td align=\"center\">1991<\/td>\n<td align=\"center\">1301<\/td>\n<td align=\"center\">15,18<\/td>\n<td align=\"center\">18.11.2018<\/td>\n<td>Karwendel \/ Achensee<\/td>\n<\/tr>\n<tr>\n<td>Hohe Gans<\/td>\n<td align=\"center\">1950<\/td>\n<td align=\"center\">1200<\/td>\n<td align=\"center\">15,73<\/td>\n<td align=\"center\">21.04.2019<\/td>\n<td>Karwendel \/ Achensee<\/td>\n<\/tr>\n<tr>\n<td>Juifen<\/td>\n<td align=\"center\">1988<\/td>\n<td align=\"center\">1124<\/td>\n<td align=\"center\">19,91<\/td>\n<td align=\"center\">19.05.2019<\/td>\n<td>Karwendel \/ Achensee<\/td>\n<\/tr>\n<tr>\n<td>Leonardstein<\/td>\n<td align=\"center\">1452<\/td>\n<td align=\"center\">778<\/td>\n<td align=\"center\">10,10<\/td>\n<td align=\"center\">26.05.2019<\/td>\n<td>Bayrische Voralpen \/ Tegernsee<\/td>\n<\/tr>\n<tr>\n<td>Sonntagsspitze<\/td>\n<td align=\"center\">1926<\/td>\n<td align=\"center\">1066<\/td>\n<td align=\"center\">16,88<\/td>\n<td align=\"center\">02.06.2019<\/td>\n<td>Karwendel \/ Achensee<\/td>\n<\/tr>\n<tr>\n<td>Sonntagsspitze<\/td>\n<td align=\"center\">1926<\/td>\n<td align=\"center\">-&gt;<\/td>\n<td align=\"center\"><\/td>\n<td align=\"center\">09.06.2019<\/td>\n<td>Karwendel \/ Achensee<\/td>\n<\/tr>\n<tr>\n<td>Schreckenspitze<\/td>\n<td align=\"center\">2022<\/td>\n<td align=\"center\">-&gt;<\/td>\n<td align=\"center\"><\/td>\n<td align=\"center\">09.06.2019<\/td>\n<td>Karwendel \/ Achensee<\/td>\n<\/tr>\n<tr>\n<td>Hohe Gans<\/td>\n<td align=\"center\">1950<\/td>\n<td align=\"center\">-&gt;<\/td>\n<td align=\"center\"><\/td>\n<td align=\"center\">09.06.2019<\/td>\n<td>Karwendel \/ Achensee<\/td>\n<\/tr>\n<tr>\n<td>Juchtenkogel<\/td>\n<td align=\"center\">1826<\/td>\n<td align=\"center\">2169<\/td>\n<td align=\"center\">27,87<\/td>\n<td align=\"center\">09.06.2019<\/td>\n<td>Karwendel \/ Achensee<\/td>\n<\/tr>\n<tr>\n<td>Halserspitz<\/td>\n<td align=\"center\">1862<\/td>\n<td align=\"center\">1363<\/td>\n<td align=\"center\">20,34<\/td>\n<td align=\"center\">16.06.2019<\/td>\n<td>Bayrische Voralpen \/ Blauberge<\/td>\n<\/tr>\n<tr>\n<td><span style=\"color: #0000ff;\">Kellerjoch<\/span><\/td>\n<td align=\"center\">2344<\/td>\n<td align=\"center\">-&gt;<\/td>\n<td align=\"center\"><\/td>\n<td align=\"center\">25.06.2019<\/td>\n<td>Tuxer Alpen<\/td>\n<\/tr>\n<tr>\n<td><span style=\"color: #0000ff;\">Kuhmesser<\/span><\/td>\n<td align=\"center\">2264<\/td>\n<td align=\"center\">-&gt;<\/td>\n<td align=\"center\"><\/td>\n<td align=\"center\">25.06.2019<\/td>\n<td>Tuxer Alpen<\/td>\n<\/tr>\n<tr>\n<td><span style=\"color: #0000ff;\">Kreuzjoch<\/span><\/td>\n<td align=\"center\">2336<\/td>\n<td align=\"center\">-&gt;<\/td>\n<td align=\"center\"><\/td>\n<td align=\"center\">27.06.2019<\/td>\n<td>Tuxer Alpen<\/td>\n<\/tr>\n<tr>\n<td><span style=\"color: #0000ff;\">Keilbachjoch<\/span><\/td>\n<td align=\"center\">2833<\/td>\n<td align=\"center\">-&gt;<\/td>\n<td align=\"center\"><\/td>\n<td align=\"center\">30.06.2019<\/td>\n<td>Zillertaler Alpen<\/td>\n<\/tr>\n<tr>\n<td><span style=\"color: #0000ff;\">Hochfeld<\/span><\/td>\n<td align=\"center\">2296<\/td>\n<td align=\"center\">8129<\/td>\n<td align=\"center\">121,46<\/td>\n<td align=\"center\">02.07.2019<\/td>\n<td>Riesenfernergruppe<\/td>\n<\/tr>\n<tr>\n<td>Aiplspitz<\/td>\n<td align=\"center\">1759<\/td>\n<td align=\"center\">-&gt;<\/td>\n<td align=\"center\"><\/td>\n<td align=\"center\">21.07.2019<\/td>\n<td>Bayrische Voralpen \/ Bayrischzell<\/td>\n<\/tr>\n<tr>\n<td>J\u00e4gerkamp<\/td>\n<td align=\"center\">1746<\/td>\n<td align=\"center\">1337<\/td>\n<td align=\"center\">15,44<\/td>\n<td align=\"center\">21.07.2019<\/td>\n<td>Bayrische Voralpen \/ Spitzingsee<\/td>\n<\/tr>\n<tr>\n<td>Schafreuter<\/td>\n<td align=\"center\">2101<\/td>\n<td align=\"center\">1453<\/td>\n<td align=\"center\">13,97<\/td>\n<td align=\"center\">28.07.2019<\/td>\n<td>Karwendel \/ Ri\u00dftal<\/td>\n<\/tr>\n<tr>\n<td>Dristenkopf<\/td>\n<td align=\"center\">2005<\/td>\n<td align=\"center\">1292<\/td>\n<td align=\"center\">12,04<\/td>\n<td align=\"center\">04.08.2019<\/td>\n<td>Karwendel \/ Achensee<\/td>\n<\/tr>\n<tr>\n<td>Lamsenspitze<\/td>\n<td align=\"center\">2508<\/td>\n<td align=\"center\">1658<\/td>\n<td align=\"center\">18,39<\/td>\n<td align=\"center\">11.08.2019<\/td>\n<td>Karwendel \/ Achensee<\/td>\n<\/tr>\n<tr>\n<td>Lamsenspitze<\/td>\n<td align=\"center\">2508<\/td>\n<td align=\"center\">1658<\/td>\n<td align=\"center\">18,12<\/td>\n<td align=\"center\">18.08.2019<\/td>\n<td>Karwendel \/ Achensee<\/td>\n<\/tr>\n<tr>\n<td>Rappenspitze<\/td>\n<td align=\"center\">2086<\/td>\n<td align=\"center\">1182<\/td>\n<td align=\"center\">12,61<\/td>\n<td align=\"center\">25.08.2019<\/td>\n<td>Karwendel \/ Achensee<\/td>\n<\/tr>\n<tr>\n<td>Sonnjoch<\/td>\n<td align=\"center\">2457<\/td>\n<td align=\"center\">1474<\/td>\n<td align=\"center\">13,38<\/td>\n<td align=\"center\">01.09.2019<\/td>\n<td>Karwendel \/ Achensee<\/td>\n<\/tr>\n<tr>\n<td>Hochiss<\/td>\n<td align=\"center\">2299<\/td>\n<td align=\"center\">1333<\/td>\n<td align=\"center\">15,16<\/td>\n<td align=\"center\">22.09.2019<\/td>\n<td>Rofangebirge \/ Achensee<\/td>\n<\/tr>\n<tr>\n<td>Sextener Rotwand<\/td>\n<td align=\"center\">2936<\/td>\n<td align=\"center\">1700<\/td>\n<td align=\"center\">23,47<\/td>\n<td align=\"center\">23.10.2019<\/td>\n<td>Sextener Dolomiten \/ S\u00fcddtirol<\/td>\n<\/tr>\n<tr>\n<td>Monte Elmo<\/td>\n<td align=\"center\">2433<\/td>\n<td align=\"center\">864<\/td>\n<td align=\"center\">13,29<\/td>\n<td align=\"center\">24.10.2019<\/td>\n<td>Sextener Dolomiten \/ S\u00fcddtirol<\/td>\n<\/tr>\n<tr>\n<td>Piz Boe (via Sass Pordoi)<\/td>\n<td align=\"center\">3152<\/td>\n<td align=\"center\">483<\/td>\n<td align=\"center\">7,12<\/td>\n<td align=\"center\">25.10.2019<\/td>\n<td>Dolomiten \/ S\u00fcddtirol<\/td>\n<\/tr>\n<tr>\n<td>Fleischbank<\/td>\n<td align=\"center\">2026<\/td>\n<td align=\"center\">-&gt;<\/td>\n<td align=\"center\"><\/td>\n<td align=\"center\">03.11.2019<\/td>\n<td>Karwendel \/ Ri\u00dftal<\/td>\n<\/tr>\n<tr>\n<td>H\u00f6lzelstaljoch<\/td>\n<td align=\"center\">2012<\/td>\n<td align=\"center\">-&gt;<\/td>\n<td align=\"center\"><\/td>\n<td align=\"center\">03.11.2019<\/td>\n<td>Karwendel \/ Ri\u00dftal<\/td>\n<\/tr>\n<tr>\n<td>Grasbergjoch<\/td>\n<td align=\"center\">2020<\/td>\n<td align=\"center\">1573<\/td>\n<td align=\"center\">22,21<\/td>\n<td align=\"center\">03.11.2019<\/td>\n<td>Karwendel \/ Ri\u00dftal<\/td>\n<\/tr>\n<tr>\n<td>Taubenstein (Sonnenaufgangtour)<\/td>\n<td align=\"center\">1689<\/td>\n<td align=\"center\">637<\/td>\n<td align=\"center\">3,4<\/td>\n<td align=\"center\">10.11.2019<\/td>\n<td>Bayrische Voralpen \/ Spitzingsee<\/td>\n<\/tr>\n<tr>\n<td>Schweinsberg<\/td>\n<td align=\"center\">1511<\/td>\n<td align=\"center\">829<\/td>\n<td align=\"center\">3,1<\/td>\n<td align=\"center\">22.02.2020<\/td>\n<td>Bayrische Voralpen \/ Bayrischzell<\/td>\n<\/tr>\n<tr>\n<td>Breitenstein<\/td>\n<td align=\"center\">1661<\/td>\n<td align=\"center\">1063<\/td>\n<td align=\"center\">10,06<\/td>\n<td align=\"center\">01.03.2020<\/td>\n<td>Bayrische Voralpen \/ Bayrischzell<\/td>\n<\/tr>\n<tr>\n<td>Auerspitz<\/td>\n<td align=\"center\">1811<\/td>\n<td align=\"center\">1049<\/td>\n<td align=\"center\">14,17<\/td>\n<td align=\"center\">08.03.2020<\/td>\n<td>Bayrische Voralpen \/ Bayrischzell<\/td>\n<\/tr>\n<tr>\n<td>Seebergkopf<\/td>\n<td align=\"center\">1538<\/td>\n<td align=\"center\">847<\/td>\n<td align=\"center\">8,76<\/td>\n<td align=\"center\">22.03.2020<\/td>\n<td>Bayrische Voralpen \/ Bayrischzell<\/td>\n<\/tr>\n<tr>\n<td>Seekarkreuz<\/td>\n<td align=\"center\">1601<\/td>\n<td align=\"center\">885<\/td>\n<td align=\"center\">13,84<\/td>\n<td align=\"center\">26.03.2020<\/td>\n<td>Bayrische Voralpen \/ Lenggries<\/td>\n<\/tr>\n<tr>\n<td>Seekarkreuz<\/td>\n<td align=\"center\">1601<\/td>\n<td align=\"center\">885<\/td>\n<td align=\"center\">12,42<\/td>\n<td align=\"center\">31.03.2020<\/td>\n<td>Bayrische Voralpen \/ Lenggries<\/td>\n<\/tr>\n<tr>\n<td>Fockenstein<\/td>\n<td align=\"center\">1564<\/td>\n<td align=\"center\">981<\/td>\n<td align=\"center\">18,94<\/td>\n<td align=\"center\">05.04.2020<\/td>\n<td>Bayrische Voralpen \/ Lenggries<\/td>\n<\/tr>\n<tr>\n<td>Hirschberg<\/td>\n<td align=\"center\">1670<\/td>\n<td align=\"center\">1023<\/td>\n<td align=\"center\">11,08<\/td>\n<td align=\"center\">12.04.2020<\/td>\n<td>Bayrische Voralpen \/ Tegernsee<\/td>\n<\/tr>\n<tr>\n<td>Setzberg<\/td>\n<td align=\"center\">1706<\/td>\n<td align=\"center\">-&gt;<\/td>\n<td align=\"center\"><\/td>\n<td align=\"center\">19.04.2020<\/td>\n<td>Bayrische Voralpen \/ Tegernsee<\/td>\n<\/tr>\n<tr>\n<td>Wallberg<\/td>\n<td align=\"center\">1722<\/td>\n<td align=\"center\">1399<\/td>\n<td align=\"center\">19,48<\/td>\n<td align=\"center\">19.04.2020<\/td>\n<td>Bayrische Voralpen \/ Tegernsee<\/td>\n<\/tr>\n<tr>\n<td>Das Wilde Fr\u00e4ulein<\/td>\n<td align=\"center\">1615<\/td>\n<td align=\"center\">495<\/td>\n<td align=\"center\">6,85<\/td>\n<td align=\"center\">21.04.2020<\/td>\n<td>Bayrische Voralpen \/ Spitzingsee<\/td>\n<\/tr>\n<tr>\n<td>Kampenwand<\/td>\n<td align=\"center\">1669<\/td>\n<td align=\"center\">1120<\/td>\n<td align=\"center\">17,62<\/td>\n<td align=\"center\">26.04.2020<\/td>\n<td>Chiemgauer Alpen<\/td>\n<\/tr>\n<tr>\n<td>Gro\u00dfer Traithen<\/td>\n<td align=\"center\">1852<\/td>\n<td align=\"center\">1087<\/td>\n<td align=\"center\">10,98<\/td>\n<td align=\"center\">09.05.2020<\/td>\n<td>Bayrische Voralpen \/ Bayrischzell<\/td>\n<\/tr>\n<tr>\n<td>Hochmiesing<\/td>\n<td align=\"center\">1883<\/td>\n<td align=\"center\">1297<\/td>\n<td align=\"center\">19,43<\/td>\n<td align=\"center\">17.05.2020<\/td>\n<td>Bayrische Voralpen \/ Bayrischzell<\/td>\n<\/tr>\n<tr>\n<td>Wendelstein<\/td>\n<td align=\"center\">1838<\/td>\n<td align=\"center\">-&gt;<\/td>\n<td align=\"center\"><\/td>\n<td align=\"center\">21.05.2020<\/td>\n<td>Bayrische Voralpen \/ Bayrischzell<\/td>\n<\/tr>\n<tr>\n<td>Schweinsberg<\/td>\n<td align=\"center\">1511<\/td>\n<td align=\"center\">1340<\/td>\n<td align=\"center\">14,19<\/td>\n<td align=\"center\">21.05.2020<\/td>\n<td>Bayrische Voralpen \/ Bayrischzell<\/td>\n<\/tr>\n<tr>\n<td>Wildalpjoch<\/td>\n<td align=\"center\">1720<\/td>\n<td align=\"center\">-&gt;<\/td>\n<td align=\"center\"><\/td>\n<td align=\"center\">24.05.2020<\/td>\n<td>Bayrische Voralpen \/ Bayrischzell<\/td>\n<\/tr>\n<tr>\n<td>Lacherspitze<\/td>\n<td align=\"center\">1724<\/td>\n<td align=\"center\">1122<\/td>\n<td align=\"center\">16,89<\/td>\n<td align=\"center\">24.05.2020<\/td>\n<td>Bayrische Voralpen \/ Bayrischzell<\/td>\n<\/tr>\n<tr>\n<td>Bodenschneid<\/td>\n<td align=\"center\">1669<\/td>\n<td align=\"center\">-&gt;<\/td>\n<td align=\"center\"><\/td>\n<td align=\"center\">31.05.2020<\/td>\n<td>Bayrische Voralpen \/ Spitzingsee<\/td>\n<\/tr>\n<tr>\n<td>Brecherspitz<\/td>\n<td align=\"center\">1683<\/td>\n<td align=\"center\">1236<\/td>\n<td align=\"center\">15,63<\/td>\n<td align=\"center\">31.05.2020<\/td>\n<td>Bayrische Voralpen \/ Spitzingsee<\/td>\n<\/tr>\n<tr>\n<td>Vogelsang<\/td>\n<td align=\"center\">1563<\/td>\n<td align=\"center\">-&gt;<\/td>\n<td align=\"center\"><\/td>\n<td align=\"center\">02.06.2020<\/td>\n<td>Bayrische Voralpen \/ Bayrischzell<\/td>\n<\/tr>\n<tr>\n<td>Kleiner Traithen<\/td>\n<td align=\"center\">1722<\/td>\n<td align=\"center\">-&gt;<\/td>\n<td align=\"center\"><\/td>\n<td align=\"center\">02.06.2020<\/td>\n<td>Bayrische Voralpen \/ Bayrischzell<\/td>\n<\/tr>\n<tr>\n<td>Steilner Joch<\/td>\n<td align=\"center\">1747<\/td>\n<td align=\"center\">1542<\/td>\n<td align=\"center\">17,69<\/td>\n<td align=\"center\">02.06.2020<\/td>\n<td>Bayrische Voralpen \/ Bayrischzell<\/td>\n<\/tr>\n<tr>\n<td>Ro\u00dfkopf<\/td>\n<td align=\"center\">1580<\/td>\n<td align=\"center\">838<\/td>\n<td align=\"center\">11,18<\/td>\n<td align=\"center\">07.06.2020<\/td>\n<td>Bayrische Voralpen \/ Spitzingsee<\/td>\n<\/tr>\n<tr>\n<td>Bayrischer Schinder<\/td>\n<td align=\"center\">1796<\/td>\n<td align=\"center\">-&gt;<\/td>\n<td align=\"center\"><\/td>\n<td align=\"center\">13.06.2020<\/td>\n<td>Bayrische Voralpen \/ Tegernsee<\/td>\n<\/tr>\n<tr>\n<td>\u00d6sterreichischer Schinder<\/td>\n<td align=\"center\">1806<\/td>\n<td align=\"center\">1335<\/td>\n<td align=\"center\">27,74<\/td>\n<td align=\"center\">13.06.2020<\/td>\n<td>Bayrische Voralpen \/ Tegernsee<\/td>\n<\/tr>\n<tr>\n<td>Trainsjoch<\/td>\n<td align=\"center\">1707<\/td>\n<td align=\"center\">-&gt;<\/td>\n<td align=\"center\"><\/td>\n<td align=\"center\">21.06.2020<\/td>\n<td>Brandenberger Alpen \/ Thiersee<\/td>\n<\/tr>\n<tr>\n<td>1400er Kreuz<\/td>\n<td align=\"center\">1400<\/td>\n<td align=\"center\">1210<\/td>\n<td align=\"center\">14,92<\/td>\n<td align=\"center\">21.06.2020<\/td>\n<td>Brandenberger Alpen \/ Thiersee<\/td>\n<\/tr>\n<tr>\n<td>Risserkogel<\/td>\n<td align=\"center\">1826<\/td>\n<td align=\"center\">1167<\/td>\n<td align=\"center\">14,86<\/td>\n<td align=\"center\">30.06.2020<\/td>\n<td>Bayrische Voralpen \/ Tegernsee<\/td>\n<\/tr>\n<tr>\n<td><span style=\"color: #ff0000;\">Blankenstein &#8211; Direkter Ostgrad<\/span><\/td>\n<td align=\"center\">1768<\/td>\n<td align=\"center\">889<\/td>\n<td align=\"center\">13,46<\/td>\n<td align=\"center\">05.07.2020<\/td>\n<td>Bayrische Voralpen \/ Tegernsee<\/td>\n<\/tr>\n<tr>\n<td>Schmaleggerjoch<\/td>\n<td align=\"center\">1633<\/td>\n<td align=\"center\">-&gt;<\/td>\n<td align=\"center\"><\/td>\n<td align=\"center\">12.07.2020<\/td>\n<td>Brandenberger Alpen<\/td>\n<\/tr>\n<tr>\n<td>Thalerjoch<\/td>\n<td align=\"center\">1775<\/td>\n<td align=\"center\">-&gt;<\/td>\n<td align=\"center\"><\/td>\n<td align=\"center\">12.07.2020<\/td>\n<td>Brandenberger Alpen<\/td>\n<\/tr>\n<tr>\n<td>Veitsberg<\/td>\n<td align=\"center\">1787<\/td>\n<td align=\"center\">1326<\/td>\n<td align=\"center\">17,86<\/td>\n<td align=\"center\">12.07.2020<\/td>\n<td>Brandenberger Alpen<\/td>\n<\/tr>\n<tr>\n<td>Geigelstein<\/td>\n<td align=\"center\">1806<\/td>\n<td align=\"center\">-&gt;<\/td>\n<td align=\"center\"><\/td>\n<td align=\"center\">19.07.2020<\/td>\n<td>Chiemgauer Alpen<\/td>\n<\/tr>\n<tr>\n<td>Breitenstein<\/td>\n<td align=\"center\">1661<\/td>\n<td align=\"center\">1542<\/td>\n<td align=\"center\">19,03<\/td>\n<td align=\"center\">19.07.2020<\/td>\n<td>Chiemgauer Alpen<\/td>\n<\/tr>\n<tr>\n<td>J\u00e4gerkamp<\/td>\n<td align=\"center\">1746<\/td>\n<td align=\"center\">-&gt;<\/td>\n<td align=\"center\"><\/td>\n<td align=\"center\">26.07.2020<\/td>\n<td>Bayrische Voralpen \/ Spitzingsee<\/td>\n<\/tr>\n<tr>\n<td>Raukopf<\/td>\n<td align=\"center\">1689<\/td>\n<td align=\"center\">1288<\/td>\n<td align=\"center\">17,53<\/td>\n<td align=\"center\">26.07.2020<\/td>\n<td>Bayrische Voralpen \/ Spitzingsee<\/td>\n<\/tr>\n<tr>\n<td>Mondscheinspitze<\/td>\n<td align=\"center\">2106<\/td>\n<td align=\"center\">-&gt;<\/td>\n<td align=\"center\"><\/td>\n<td align=\"center\">28.07.2020<\/td>\n<td>Karwendel \/ Achensee<\/td>\n<\/tr>\n<tr>\n<td>Montscheinjoch<\/td>\n<td align=\"center\">1921<\/td>\n<td align=\"center\">1697<\/td>\n<td align=\"center\">15,11<\/td>\n<td align=\"center\">28.07.2020<\/td>\n<td>Karwendel \/ Achensee<\/td>\n<\/tr>\n<tr>\n<td><span style=\"color: #ff0000;\">Rossstein &#8211; Westgrat<\/span><\/td>\n<td align=\"center\">1698<\/td>\n<td align=\"center\">806<\/td>\n<td align=\"center\">9,76<\/td>\n<td align=\"center\">30.07.2020<\/td>\n<td>Bayrische Voralpen \/ Tegernsee<\/td>\n<\/tr>\n<tr>\n<td><span style=\"color: #ff0000;\">Rotspitze &#8211; Rebitschkante<\/span><\/td>\n<td align=\"center\">2067<\/td>\n<td align=\"center\">573<\/td>\n<td align=\"center\">6,3<\/td>\n<td align=\"center\">06.08.2020<\/td>\n<td>Rofangebirge \/ Achensee<\/td>\n<\/tr>\n<tr>\n<td>Ebner Joch<\/td>\n<td align=\"center\">1957<\/td>\n<td align=\"center\">-&gt;<\/td>\n<td align=\"center\"><\/td>\n<td align=\"center\">09.08.2020<\/td>\n<td>Rofangebirge \/ Achensee<\/td>\n<\/tr>\n<tr>\n<td>Kirchenspitze<\/td>\n<td align=\"center\">1780<\/td>\n<td align=\"center\">1186<\/td>\n<td align=\"center\">10,85<\/td>\n<td align=\"center\">09.08.2020<\/td>\n<td>Rofangebirge \/ Achensee<\/td>\n<\/tr>\n<tr>\n<td>Vorderunn\u00fctz<\/td>\n<td align=\"center\">2078<\/td>\n<td align=\"center\">-&gt;<\/td>\n<td align=\"center\"><\/td>\n<td align=\"center\">16.08.2020<\/td>\n<td>Brandenberger Alpen \/ Achensee<\/td>\n<\/tr>\n<tr>\n<td>Hochunn\u00fctz<\/td>\n<td align=\"center\">2075<\/td>\n<td align=\"center\">1329<\/td>\n<td align=\"center\">14,79<\/td>\n<td align=\"center\">16.08.2020<\/td>\n<td>Brandenberger Alpen \/ Achensee<\/td>\n<\/tr>\n<tr>\n<td>Hinteres Sonnwendjoch<\/td>\n<td align=\"center\">1986<\/td>\n<td align=\"center\">-&gt;<\/td>\n<td align=\"center\"><\/td>\n<td align=\"center\">23.08.2020<\/td>\n<td>Brandenberger Alpen<\/td>\n<\/tr>\n<tr>\n<td>Krenspitze<\/td>\n<td align=\"center\">1972<\/td>\n<td align=\"center\">868<\/td>\n<td align=\"center\">10,68<\/td>\n<td align=\"center\">23.08.2020<\/td>\n<td>Brandenberger Alpen<\/td>\n<\/tr>\n<tr>\n<td>Sch\u00f6ttelkarspitze<\/td>\n<td align=\"center\">2050<\/td>\n<td align=\"center\">-&gt;<\/td>\n<td align=\"center\"><\/td>\n<td align=\"center\">27.08.2020<\/td>\n<td>Karwendelgebirge<\/td>\n<\/tr>\n<tr>\n<td>Signalkopf<\/td>\n<td align=\"center\">1895<\/td>\n<td align=\"center\">-&gt;<\/td>\n<td align=\"center\"><\/td>\n<td align=\"center\">27.08.2020<\/td>\n<td>Karwendelgebirge<\/td>\n<\/tr>\n<tr>\n<td>Lausberg<\/td>\n<td align=\"center\">1855<\/td>\n<td align=\"center\">1474<\/td>\n<td align=\"center\">15,37<\/td>\n<td align=\"center\">27.08.2020<\/td>\n<td>Karwendelgebirge<\/td>\n<\/tr>\n<tr>\n<td>Rotwand<\/td>\n<td align=\"center\">1884<\/td>\n<td align=\"center\">-&gt;<\/td>\n<td align=\"center\"><\/td>\n<td align=\"center\">30.08.2020<\/td>\n<td>Bayrische Voralpen \/ Spitzingsee<\/td>\n<\/tr>\n<tr>\n<td>Taubenstein<\/td>\n<td align=\"center\">1698<\/td>\n<td align=\"center\">963<\/td>\n<td align=\"center\">15,26<\/td>\n<td align=\"center\">30.08.2020<\/td>\n<td>Bayrische Voralpen \/ Spitzingsee<\/td>\n<\/tr>\n<tr>\n<td>Geierstein<\/td>\n<td align=\"center\">1485<\/td>\n<td align=\"center\">1079<\/td>\n<td align=\"center\">13,31<\/td>\n<td align=\"center\">06.09.2020<\/td>\n<td>Bayrische Voralpen \/ Lenggries<\/td>\n<\/tr>\n<tr>\n<td>Guffert<\/td>\n<td align=\"center\">2195<\/td>\n<td align=\"center\">1434<\/td>\n<td align=\"center\">12,26<\/td>\n<td align=\"center\">13.09.2020<\/td>\n<td>Brandenberger Alpen \/ Achensee<\/td>\n<\/tr>\n<tr>\n<td>Filzenkogel<\/td>\n<td align=\"center\">2227<\/td>\n<td align=\"center\">368<\/td>\n<td align=\"center\">10,72<\/td>\n<td align=\"center\">19.09.2020<\/td>\n<td>Zillertaler Alpen<\/td>\n<\/tr>\n<tr>\n<td>Hoher Riffler<\/td>\n<td align=\"center\">3231<\/td>\n<td align=\"center\">1453<\/td>\n<td align=\"center\">17,88<\/td>\n<td align=\"center\">20.09.2020<\/td>\n<td>Tuxer Alpen<\/td>\n<\/tr>\n<tr>\n<td>Ahornspitze<\/td>\n<td align=\"center\">2973<\/td>\n<td align=\"center\">-&gt;<\/td>\n<td align=\"center\"><\/td>\n<td align=\"center\">22.09.2020<\/td>\n<td>Zillertaler Alpen<\/td>\n<\/tr>\n<tr>\n<td>Toreggenkopf<\/td>\n<td align=\"center\">2470<\/td>\n<td align=\"center\">1168<\/td>\n<td align=\"center\">12,0<\/td>\n<td align=\"center\">22.09.2020<\/td>\n<td>Zillertaler Alpen<\/td>\n<\/tr>\n<tr>\n<td><span style=\"color: #ff0000;\">Knorrennadel<\/span><\/td>\n<td align=\"center\">2081<\/td>\n<td align=\"center\">40<\/td>\n<td align=\"center\">1,58<\/td>\n<td align=\"center\">24.09.2020<\/td>\n<td>Tuxer Alpen<\/td>\n<\/tr>\n<tr>\n<td>Hirschh\u00f6rnlkopf<\/td>\n<td align=\"center\">1514<\/td>\n<td align=\"center\">893<\/td>\n<td align=\"center\">11,27<\/td>\n<td align=\"center\">27.09.2020<\/td>\n<td>Bayrische Voralpen \/ Lenggries<\/td>\n<\/tr>\n<tr>\n<td>Brauneck<\/td>\n<td align=\"center\">1540<\/td>\n<td align=\"center\">-&gt;<\/td>\n<td align=\"center\"><\/td>\n<td align=\"center\">04.10.2020<\/td>\n<td>Bayrische Voralpen \/ Lenggries<\/td>\n<\/tr>\n<tr>\n<td>Vorderer Kirchstein<\/td>\n<td align=\"center\">1666<\/td>\n<td align=\"center\">-&gt;<\/td>\n<td align=\"center\"><\/td>\n<td align=\"center\">04.10.2020<\/td>\n<td>Bayrische Voralpen \/ Lenggries<\/td>\n<\/tr>\n<tr>\n<td>Latschenkopf<\/td>\n<td align=\"center\">1712<\/td>\n<td align=\"center\">-&gt;<\/td>\n<td align=\"center\"><\/td>\n<td align=\"center\">04.10.2020<\/td>\n<td>Bayrische Voralpen \/ Lenggries<\/td>\n<\/tr>\n<tr>\n<td>Benediktenwand<\/td>\n<td align=\"center\">1081<\/td>\n<td align=\"center\">-&gt;<\/td>\n<td align=\"center\"><\/td>\n<td align=\"center\">04.10.2020<\/td>\n<td>Bayrische Voralpen \/ Lenggries<\/td>\n<\/tr>\n<tr>\n<td>Hinterer Kirchstein<\/td>\n<td align=\"center\">1667<\/td>\n<td align=\"center\">1395<\/td>\n<td align=\"center\">18,77<\/td>\n<td align=\"center\">04.10.2020<\/td>\n<td>Bayrische Voralpen \/ Lenggries<\/td>\n<\/tr>\n<tr>\n<td>Rampoldplatte<\/td>\n<td align=\"center\">1422<\/td>\n<td align=\"center\">1144<\/td>\n<td align=\"center\">17,27<\/td>\n<td align=\"center\">11.10.2020<\/td>\n<td>Bayrische Voralpen \/ Brannenburg<\/td>\n<\/tr>\n<tr>\n<td>Sch\u00f6nberg<\/td>\n<td align=\"center\">1620<\/td>\n<td align=\"center\">976<\/td>\n<td align=\"center\">9,32<\/td>\n<td align=\"center\">18.10.2020<\/td>\n<td>Bayrische Voralpen \/ Lenggries<\/td>\n<\/tr>\n<tr>\n<td>Vorderunn\u00fctz<\/td>\n<td align=\"center\">2078<\/td>\n<td align=\"center\">1154<\/td>\n<td align=\"center\">16,79<\/td>\n<td align=\"center\">22.10.2020<\/td>\n<td>Brandenberger Alpen \/ Achensee<\/td>\n<\/tr>\n<tr>\n<td>Gamsjoch<\/td>\n<td align=\"center\">2452<\/td>\n<td align=\"center\">1309<\/td>\n<td align=\"center\">10,66<\/td>\n<td align=\"center\">25.10.2020<\/td>\n<td>Karwendelgebirge \/ Eng<\/td>\n<\/tr>\n<tr>\n<td><span style=\"color: #ff8000;\">Nierentransplantation<\/span><\/td>\n<td><\/td>\n<td><\/td>\n<td><\/td>\n<td align=\"center\"><span style=\"color: #ff8000;\">30.10.2020<\/span><\/td>\n<td><span style=\"color: #ff8000;\">Gro\u00dfhadern<\/span><\/td>\n<\/tr>\n<tr>\n<td>Blomberg<\/td>\n<td align=\"center\">1237<\/td>\n<td align=\"center\">-&gt;<\/td>\n<td align=\"center\"><\/td>\n<td align=\"center\">06.12.2020<\/td>\n<td>Bayrische Voralpen<\/td>\n<\/tr>\n<tr>\n<td>Heigelkopf<\/td>\n<td align=\"center\">1205<\/td>\n<td align=\"center\">849<\/td>\n<td align=\"center\">17,30<\/td>\n<td align=\"center\">06.12.2020<\/td>\n<td>Bayrische Voralpen<\/td>\n<\/tr>\n<tr>\n<td>Zwieselberg<\/td>\n<td align=\"center\">1348<\/td>\n<td align=\"center\">661<\/td>\n<td align=\"center\">12,13<\/td>\n<td align=\"center\">13.12.2020<\/td>\n<td>Bayrische Voralpen<\/td>\n<\/tr>\n<tr>\n<td>Kleiner Illing<\/td>\n<td align=\"center\">1185<\/td>\n<td align=\"center\">-&gt;<\/td>\n<td align=\"center\"><\/td>\n<td align=\"center\">17.12.2020<\/td>\n<td>Bayrische Voralpen<\/td>\n<\/tr>\n<tr>\n<td>Gro\u00dfer Illing<\/td>\n<td align=\"center\">1313<\/td>\n<td align=\"center\">849<\/td>\n<td align=\"center\">7,75<\/td>\n<td align=\"center\">17.12.2020<\/td>\n<td>Bayrische Voralpen<\/td>\n<\/tr>\n<tr>\n<td>Rohnberg<\/td>\n<td align=\"center\">1265<\/td>\n<td align=\"center\">789<\/td>\n<td align=\"center\">16,02<\/td>\n<td align=\"center\">22.12.2020<\/td>\n<td>Bayrische Voralpen<\/td>\n<\/tr>\n<tr>\n<td>Gindelalmschneid<\/td>\n<td align=\"center\">1335<\/td>\n<td align=\"center\">665<\/td>\n<td align=\"center\">13,09<\/td>\n<td align=\"center\">27.12.2020<\/td>\n<td>Bayrische Voralpen<\/td>\n<\/tr>\n<tr>\n<td>Farrenpoint<\/td>\n<td align=\"center\">1273<\/td>\n<td align=\"center\">807<\/td>\n<td align=\"center\">10,86<\/td>\n<td align=\"center\">29.12.2020<\/td>\n<td>Bayrische Voralpen<\/td>\n<\/tr>\n<tr>\n<td>Mitterberg<\/td>\n<td align=\"center\">1211<\/td>\n<td align=\"center\">-&gt;<\/td>\n<td align=\"center\"><\/td>\n<td align=\"center\">31.12.2020<\/td>\n<td>Bayrische Voralpen<\/td>\n<\/tr>\n<tr>\n<td>Farrenpoint<\/td>\n<td align=\"center\">1273<\/td>\n<td align=\"center\">904<\/td>\n<td align=\"center\">12,84<\/td>\n<td align=\"center\">31.12.2020<\/td>\n<td>Bayrische Voralpen<\/td>\n<\/tr>\n<tr>\n<td>Sulten<\/td>\n<td align=\"center\">1472<\/td>\n<td align=\"center\">1028<\/td>\n<td align=\"center\">17,40<\/td>\n<td align=\"center\">03.01.2021<\/td>\n<td>Chiemgauer Alpen<\/td>\n<\/tr>\n<tr>\n<td>Rechelkopf<\/td>\n<td align=\"center\">1330<\/td>\n<td align=\"center\">702<\/td>\n<td align=\"center\">12,74<\/td>\n<td align=\"center\">10.01.2021<\/td>\n<td>Bayrische Voralpen<\/td>\n<\/tr>\n<tr>\n<td>Latschenkopf<\/td>\n<td align=\"center\">1487<\/td>\n<td align=\"center\">888<\/td>\n<td align=\"center\">13,49<\/td>\n<td align=\"center\">07.02.2021<\/td>\n<td>Bayrische Voralpen \/ Jachenau<\/td>\n<\/tr>\n<tr>\n<td>H\u00f6henberg<\/td>\n<td align=\"center\">614<\/td>\n<td align=\"center\">-&gt;<\/td>\n<td align=\"center\"><\/td>\n<td align=\"center\">14.02.2021<\/td>\n<td>Unterallg\u00e4u \/ Kammeltal<\/td>\n<\/tr>\n<tr>\n<td>Buschhorn<\/td>\n<td align=\"center\">601<\/td>\n<td align=\"center\">252<\/td>\n<td align=\"center\">14 km<\/td>\n<td align=\"center\">14.02.2021<\/td>\n<td>Unterallg\u00e4u \/ Kammeltal<\/td>\n<\/tr>\n<tr>\n<td>Gindelalmschneid<\/td>\n<td align=\"center\">1326<\/td>\n<td align=\"center\">643<\/td>\n<td align=\"center\">11,64 km<\/td>\n<td align=\"center\">21.03.2021<\/td>\n<td>Bayrische Voralpen<\/td>\n<\/tr>\n<tr>\n<td>Brecherspitz<\/td>\n<td align=\"center\">1683<\/td>\n<td align=\"center\">702<\/td>\n<td align=\"center\">8,14 km<\/td>\n<td align=\"center\">31.03.2021<\/td>\n<td>Bayrische Voralpen<\/td>\n<\/tr>\n<tr>\n<td>Rohnberg<\/td>\n<td align=\"center\">1265<\/td>\n<td align=\"center\">729<\/td>\n<td align=\"center\">12,44 km<\/td>\n<td align=\"center\">03.04.2021<\/td>\n<td>Bayrische Voralpen<\/td>\n<\/tr>\n<tr>\n<td>Bockstein<\/td>\n<td align=\"center\">1575<\/td>\n<td align=\"center\">-&gt;<\/td>\n<td align=\"center\"><\/td>\n<td align=\"center\">05.04.2021<\/td>\n<td>Bayrische Voralpen<\/td>\n<\/tr>\n<tr>\n<td>Breitenstein<\/td>\n<td align=\"center\">1622<\/td>\n<td align=\"center\">920<\/td>\n<td align=\"center\">10,71 km<\/td>\n<td align=\"center\">05.04.2021<\/td>\n<td>Bayrische Voralpen<\/td>\n<\/tr>\n<tr>\n<td>Baumgartenschneid<\/td>\n<td align=\"center\">1448<\/td>\n<td align=\"center\">706<\/td>\n<td align=\"center\">9,14 km<\/td>\n<td align=\"center\">11.04.2021<\/td>\n<td>Bayrische Voralpen<\/td>\n<\/tr>\n<tr>\n<td>Rampoldplatte<\/td>\n<td align=\"center\">1422<\/td>\n<td align=\"center\">-&gt;<\/td>\n<td align=\"center\"><\/td>\n<td align=\"center\">21.04.2021<\/td>\n<td>Bayrische Voralpen<\/td>\n<\/tr>\n<tr>\n<td>Mitterberg<\/td>\n<td align=\"center\">1211<\/td>\n<td align=\"center\">-&gt;<\/td>\n<td align=\"center\"><\/td>\n<td align=\"center\">21.04.2021<\/td>\n<td>Bayrische Voralpen<\/td>\n<\/tr>\n<tr>\n<td>Farrenpoint<\/td>\n<td align=\"center\">1273<\/td>\n<td align=\"center\">1030<\/td>\n<td align=\"center\">14,93 km<\/td>\n<td align=\"center\">21.04.2021<\/td>\n<td>Bayrische Voralpen<\/td>\n<\/tr>\n<tr>\n<td>Kirchwand<\/td>\n<td align=\"center\">1478<\/td>\n<td align=\"center\">-&gt;<\/td>\n<td align=\"center\"><\/td>\n<td align=\"center\">24.04.2021<\/td>\n<td>Bayrische Voralpen<\/td>\n<\/tr>\n<tr>\n<td>T\u00fcrkenk\u00f6pfl<\/td>\n<td align=\"center\">1512<\/td>\n<td align=\"center\">-&gt;<\/td>\n<td align=\"center\"><\/td>\n<td align=\"center\">25.04.2021<\/td>\n<td>Bayrische Voralpen<\/td>\n<\/tr>\n<tr>\n<td>Schweinsberg<\/td>\n<td align=\"center\">1511<\/td>\n<td align=\"center\">924<\/td>\n<td align=\"center\">12,71 km<\/td>\n<td align=\"center\">25.04.2021<\/td>\n<td>Bayrische Voralpen<\/td>\n<\/tr>\n<tr>\n<td>Rotwand<\/td>\n<td align=\"center\">1884<\/td>\n<td align=\"center\">955<\/td>\n<td align=\"center\">15,51 km<\/td>\n<td align=\"center\">02.05.2021<\/td>\n<td>Bayrische Voralpen<\/td>\n<\/tr>\n<tr>\n<td>Kesselwand<\/td>\n<td align=\"center\">1721<\/td>\n<td align=\"center\">-&gt;<\/td>\n<td align=\"center\"><\/td>\n<td align=\"center\">09.05.2021<\/td>\n<td>Bayrische Voralpen<\/td>\n<\/tr>\n<tr>\n<td>Soinspitz<\/td>\n<td align=\"center\">1756<\/td>\n<td align=\"center\">1068<\/td>\n<td align=\"center\">13,06 km<\/td>\n<td align=\"center\">09.05.2021<\/td>\n<td>Bayrische Voralpen<\/td>\n<\/tr>\n<tr>\n<td>Seebergkopf<\/td>\n<td align=\"center\">1538<\/td>\n<td align=\"center\">916<\/td>\n<td align=\"center\">15,84 km<\/td>\n<td align=\"center\">13.05.2021<\/td>\n<td>Bayrische Voralpen \/ Bayrischzell<\/td>\n<\/tr>\n<tr>\n<td>Fockenstein<\/td>\n<td align=\"center\">1564<\/td>\n<td align=\"center\">974<\/td>\n<td align=\"center\">17,17 km<\/td>\n<td align=\"center\">16.05.2021<\/td>\n<td>Bayrische Voralpen<\/td>\n<\/tr>\n<tr>\n<td>Ro\u00dfkopf<\/td>\n<td align=\"center\">1580<\/td>\n<td align=\"center\">-&gt;<\/td>\n<td align=\"center\"><\/td>\n<td align=\"center\">23.05.2021<\/td>\n<td>Bayrische Voralpen<\/td>\n<\/tr>\n<tr>\n<td>Bodenschneid<\/td>\n<td align=\"center\">1669<\/td>\n<td align=\"center\">991<\/td>\n<td align=\"center\">15,34 km<\/td>\n<td align=\"center\">23.05.2021<\/td>\n<td>Bayrische Voralpen<\/td>\n<\/tr>\n<tr>\n<td>Wasserspitz<\/td>\n<td align=\"center\">1552<\/td>\n<td align=\"center\">817<\/td>\n<td align=\"center\">10,92 km<\/td>\n<td align=\"center\">30.05.2021<\/td>\n<td>Bayrische Voralpen<\/td>\n<\/tr>\n<tr>\n<td>Guffert<\/td>\n<td align=\"center\">2195<\/td>\n<td align=\"center\">1088<\/td>\n<td align=\"center\">8,23 km<\/td>\n<td align=\"center\">20.06.2021<\/td>\n<td>Brandenberger Alpen<\/td>\n<\/tr>\n<tr>\n<td>Rappenspitze<\/td>\n<td align=\"center\">2223<\/td>\n<td align=\"center\">1219<\/td>\n<td align=\"center\">11,47 km<\/td>\n<td align=\"center\">04.07.2021<\/td>\n<td>Karwendel<\/td>\n<\/tr>\n<tr>\n<td>Vorderunn\u00fctz<\/td>\n<td align=\"center\">2078<\/td>\n<td align=\"center\">1066<\/td>\n<td align=\"center\">12,86 km<\/td>\n<td align=\"center\">11.07.2021<\/td>\n<td>Brandenberger Alpen<\/td>\n<\/tr>\n<tr>\n<td>Rotwand<\/td>\n<td align=\"center\">1884<\/td>\n<td align=\"center\">918<\/td>\n<td align=\"center\">15,06 km<\/td>\n<td align=\"center\">18.07.2021<\/td>\n<td>Bayrische Voralpen<\/td>\n<\/tr>\n<tr>\n<td>Vorderunn\u00fctz<\/td>\n<td align=\"center\">2078<\/td>\n<td align=\"center\">-&gt;<\/td>\n<td align=\"center\"><\/td>\n<td align=\"center\">21.07.2021<\/td>\n<td>Brandenberger Alpen<\/td>\n<\/tr>\n<tr>\n<td>Hochunn\u00fctz<\/td>\n<td align=\"center\">2075<\/td>\n<td align=\"center\">-&gt;<\/td>\n<td align=\"center\"><\/td>\n<td align=\"center\">21.07.2021<\/td>\n<td>Brandenberger Alpen<\/td>\n<\/tr>\n<tr>\n<td>Hinterunn\u00fctz<\/td>\n<td align=\"center\">2007<\/td>\n<td align=\"center\">622<\/td>\n<td align=\"center\">9,2 km<\/td>\n<td align=\"center\">21.07.2021<\/td>\n<td>Brandenberger Alpen<\/td>\n<\/tr>\n<tr>\n<td>Hochalm<\/td>\n<td align=\"center\">1427<\/td>\n<td align=\"center\">747<\/td>\n<td align=\"center\">9,12 km<\/td>\n<td align=\"center\">01.08.2021<\/td>\n<td>Bayrische Voralpen<\/td>\n<\/tr>\n<tr>\n<td>Hochplatte<\/td>\n<td align=\"center\">1813<\/td>\n<td align=\"center\">919<\/td>\n<td align=\"center\">15,49 km<\/td>\n<td align=\"center\">08.08.2021<\/td>\n<td>Karwendel<\/td>\n<\/tr>\n<tr>\n<td>Gramaijoch<\/td>\n<td align=\"center\">2017<\/td>\n<td align=\"center\">-&gt;<\/td>\n<td align=\"center\"><\/td>\n<td align=\"center\">15.08.2021<\/td>\n<td>Karwendel<\/td>\n<\/tr>\n<tr>\n<td>Hahnkampl<\/td>\n<td align=\"center\">2080<\/td>\n<td align=\"center\">1062<\/td>\n<td align=\"center\">12,03 km<\/td>\n<td align=\"center\">15.08.2021<\/td>\n<td>Karwendel<\/td>\n<\/tr>\n<tr>\n<td>Benediktenwand<\/td>\n<td align=\"center\">1801<\/td>\n<td align=\"center\">1243<\/td>\n<td align=\"center\">17,02 km<\/td>\n<td align=\"center\">22.08.2021<\/td>\n<td>Bayrische Voralpen<\/td>\n<\/tr>\n<tr>\n<td>Latschenkopf<\/td>\n<td align=\"center\">1487<\/td>\n<td align=\"center\">784<\/td>\n<td align=\"center\">11,42 km<\/td>\n<td align=\"center\">28.08.2021<\/td>\n<td>Bayrische Voralpen<\/td>\n<\/tr>\n<tr>\n<td>Hochstaufen<\/td>\n<td align=\"center\">1771<\/td>\n<td align=\"center\">1345<\/td>\n<td align=\"center\">13,99 km<\/td>\n<td align=\"center\">05.09.2021<\/td>\n<td>\u00d6stliche Chiemgauer Alpen<\/td>\n<\/tr>\n<tr>\n<td>Zennokopf<\/td>\n<td align=\"center\">1756<\/td>\n<td align=\"center\">-&gt;<\/td>\n<td align=\"center\"><\/td>\n<td align=\"center\">12.09.2021<\/td>\n<td>\u00d6stliche Chiemgauer Alpen<\/td>\n<\/tr>\n<tr>\n<td>Zwiesel<\/td>\n<td align=\"center\">1782<\/td>\n<td align=\"center\">-&gt;<\/td>\n<td align=\"center\"><\/td>\n<td align=\"center\">12.09.2021<\/td>\n<td>\u00d6stliche Chiemgauer Alpen<\/td>\n<\/tr>\n<tr>\n<td>Gamsknogel<\/td>\n<td align=\"center\">1750<\/td>\n<td align=\"center\">1443<\/td>\n<td align=\"center\">16,34 km<\/td>\n<td align=\"center\">12.09.2021<\/td>\n<td>\u00d6stliche Chiemgauer Alpen<\/td>\n<\/tr>\n<tr>\n<td>Staffel<\/td>\n<td align=\"center\">1532<\/td>\n<td align=\"center\">773<\/td>\n<td align=\"center\">11,22 km<\/td>\n<td align=\"center\">19.09.2021<\/td>\n<td>Bayrische Voralpen<\/td>\n<\/tr>\n<tr>\n<td>Prinzkopf<\/td>\n<td align=\"center\">1826<\/td>\n<td align=\"center\">-&gt;<\/td>\n<td align=\"center\"><\/td>\n<td align=\"center\">10.10.2021<\/td>\n<td>Karwendel Vorgebirge<\/td>\n<\/tr>\n<tr>\n<td>Lerchkogel<\/td>\n<td align=\"center\">1688<\/td>\n<td align=\"center\">1364<\/td>\n<td align=\"center\">25,53 km<\/td>\n<td align=\"center\">10.10.2021<\/td>\n<td>Karwendel Vorgebirge<\/td>\n<\/tr>\n<tr>\n<td>Stanser Joch<\/td>\n<td align=\"center\">2102<\/td>\n<td align=\"center\">1324<\/td>\n<td align=\"center\">16,47 km<\/td>\n<td align=\"center\">17.10.2021<\/td>\n<td>Karwendel Achensee<\/td>\n<\/tr>\n<tr>\n<td>Hochwanner<\/td>\n<td align=\"center\">2744<\/td>\n<td align=\"center\">1578<\/td>\n<td align=\"center\">22,45 km<\/td>\n<td align=\"center\">24.10.2021<\/td>\n<td>Wettersteingebirge<\/td>\n<\/tr>\n<tr>\n<td>Hochsalwand<\/td>\n<td align=\"center\">1625<\/td>\n<td align=\"center\">-><\/td>\n<td align=\"center\"><\/td>\n<td align=\"center\">31.10.2021<\/td>\n<td>Bayrische Voralpen<\/td>\n<\/tr>\n<tr>\n<td>Haidwand<\/td>\n<td align=\"center\">1585<\/td>\n<td align=\"center\">1158<\/td>\n<td align=\"center\">16,83 km<\/td>\n<td align=\"center\">31.10.2021<\/td>\n<td>Bayrische Voralpen<\/td>\n<\/tr>\n<tr>\n<td>Prediktstuhl<\/td>\n<td align=\"center\">1562<\/td>\n<td align=\"center\">-><\/td>\n<td align=\"center\"><\/td>\n<td align=\"center\">07.11.2021<\/td>\n<td>Brandenberger Alpen<\/td>\n<\/tr>\n<tr>\n<td>Schildenstein<\/td>\n<td align=\"center\">1613<\/td>\n<td align=\"center\">1109<\/td>\n<td align=\"center\">23,97<\/td>\n<td align=\"center\">07.11.2021<\/td>\n<td>Bayrische Voralpen<\/td>\n<\/tr>\n<tr>\n<td>Jochberg<\/td>\n<td align=\"center\">1565<\/td>\n<td align=\"center\">-><\/td>\n<td align=\"center\"><\/td>\n<td align=\"center\">14.11.2021<\/td>\n<td>Bayrische Voralpen<\/td>\n<\/tr>\n<tr>\n<td>Hirschh\u00f6rnkopf<\/td>\n<td align=\"center\">1514<\/td>\n<td align=\"center\">1169<\/td>\n<td align=\"center\">19,26 km<\/td>\n<td align=\"center\">14.11.2021<\/td>\n<td>Bayrische Voralpen<\/td>\n<\/tr>\n<tr>\n<td>Schafreuter<\/td>\n<td align=\"center\">2101<\/td>\n<td align=\"center\">1253<\/td>\n<td align=\"center\">14,21 km<\/td>\n<td align=\"center\">21.11.2021<\/td>\n<td>Karwendel<\/td>\n<\/tr>\n<tr>\n<td>Rotwand<\/td>\n<td align=\"center\">1884<\/td>\n<td align=\"center\">-><\/td>\n<td align=\"center\"><\/td>\n<td align=\"center\">28.11.2021<\/td>\n<td>Bayrische Voralpen<\/td>\n<\/tr>\n<tr>\n<td>Taubenstein<\/td>\n<td align=\"center\">1692<\/td>\n<td align=\"center\">954<\/td>\n<td align=\"center\">15,98 km<\/td>\n<td align=\"center\">28.11.2021<\/td>\n<td>Bayrische Voralpen<\/td>\n<\/tr>\n<tr>\n<td>Rechelkopf<\/td>\n<td align=\"center\">1330<\/td>\n<td align=\"center\">766<\/td>\n<td align=\"center\">14,82 km<\/td>\n<td align=\"center\">05.12.2021<\/td>\n<td>Bayrische Voralpen<\/td>\n<\/tr>\n<tr>\n<td>Zwieselberg<\/td>\n<td align=\"center\">1348<\/td>\n<td align=\"center\">-><\/td>\n<td align=\"center\"><\/td>\n<td align=\"center\">12.12.2021<\/td>\n<td>Bayrische Voralpen<\/td>\n<\/tr>\n<tr>\n<td>Blomberg<\/td>\n<td align=\"center\">1237<\/td>\n<td align=\"center\">-><\/td>\n<td align=\"center\"><\/td>\n<td align=\"center\">12.12.2021<\/td>\n<td>Bayrische Voralpen<\/td>\n<\/tr>\n<tr>\n<td>Heigelkopf<\/td>\n<td align=\"center\">1205<\/td>\n<td align=\"center\">844<\/td>\n<td align=\"center\">15,38 km<\/td>\n<td align=\"center\">12.12.2021<\/td>\n<td>Bayrische Voralpen<\/td>\n<\/tr>\n<tr>\n<td>Gindelalmschneid<\/td>\n<td align=\"center\">1335<\/td>\n<td align=\"center\">-&gt;<\/td>\n<td align=\"center\"><\/td>\n<td align=\"center\">28.12.2021<\/td>\n<td>Bayrische Voralpen<\/td>\n<\/tr>\n<tr>\n<td>Baumgartenschneid<\/td>\n<td align=\"center\">1448<\/td>\n<td align=\"center\">1020<\/td>\n<td align=\"center\">19,32 km<\/td>\n<td align=\"center\">28.12.2021<\/td>\n<td>Bayrische Voralpen<\/td>\n<\/tr>\n<tr>\n<td>Rohnberg<\/td>\n<td align=\"center\">1265<\/td>\n<td align=\"center\">546<\/td>\n<td align=\"center\">9,46 km<\/td>\n<td align=\"center\">30.12.2021<\/td>\n<td>Bayrische Voralpen<\/td>\n<\/tr>\n<tr>\n<td>Kramerpitz<\/td>\n<td align=\"center\">1985<\/td>\n<td align=\"center\">-><\/td>\n<td align=\"center\"><\/td>\n<td align=\"center\">02.01.2022<\/td>\n<td>Kramer\/Garmisch-Partenkirchen<\/td>\n<\/tr>\n<tr>\n<td>Mittergern<\/td>\n<td align=\"center\">1817<\/td>\n<td align=\"center\">-><\/td>\n<td align=\"center\"><\/td>\n<td align=\"center\">02.01.2022<\/td>\n<td>Kramer\/Garmisch-Partenkirchen<\/td>\n<\/tr>\n<tr>\n<td>Katzenkopf<\/td>\n<td align=\"center\">1453<\/td>\n<td align=\"center\">1372<\/td>\n<td align=\"center\">14,02 km<\/td>\n<td align=\"center\">02.01.2022<\/td>\n<td>Kramer\/Garmisch-Partenkirchen<\/td>\n<\/tr>\n<tr>\n<td>Seekarkreuz<\/td>\n<td align=\"center\">1601<\/td>\n<td align=\"center\">962<\/td>\n<td align=\"center\">16,58 km<\/td>\n<td align=\"center\">06.01.2022<\/td>\n<td>Bayrische Voralpen<\/td>\n<\/tr>\n<tr>\n<td>Schwarzenberg<\/td>\n<td align=\"center\">1188<\/td>\n<td align=\"center\">438<\/td>\n<td align=\"center\">6,2 km<\/td>\n<td align=\"center\">09.01.2022<\/td>\n<td>Bayrische Voralpen<\/td>\n<\/tr>\n<tr>\n<td>Hochstaufen<\/td>\n<td align=\"center\">1771<\/td>\n<td align=\"center\">1415<\/td>\n<td align=\"center\">13,27 km<\/td>\n<td align=\"center\">16.01.2022<\/td>\n<td>\u00d6stliche Chiemgauer Alpen<\/td>\n<\/tr>\n<tr>\n<td>Rotwand<\/td>\n<td align=\"center\">1884<\/td>\n<td align=\"center\">925<\/td>\n<td align=\"center\">15,28 km<\/td>\n<td align=\"center\">23.01.2022<\/td>\n<td>Bayrische Voralpen<\/td>\n<\/tr>\n<tr>\n<td>Staffel<\/td>\n<td align=\"center\">1532<\/td>\n<td align=\"center\">821<\/td>\n<td align=\"center\">12,44 km<\/td>\n<td align=\"center\">30.01.2022<\/td>\n<td>Bayrische Voralpen<\/td>\n<\/tr>\n<tr>\n<td>Sulzbergschneid<\/td>\n<td align=\"center\">1117<\/td>\n<td align=\"center\">747<\/td>\n<td align=\"center\">11,06 km<\/td>\n<td align=\"center\">13.02.2022<\/td>\n<td>Bayrische Voralpen<\/td>\n<\/tr>\n<tr>\n<td>Gro\u00dfer Riesenkopf<\/td>\n<td align=\"center\">1337<\/td>\n<td align=\"center\">-><\/td>\n<td align=\"center\"><\/td>\n<td align=\"center\"><\/td>\n<td>Mangfallgebirge<\/td>\n<\/tr>\n<tr>\n<td>Petersberg<\/td>\n<td align=\"center\">847<\/td>\n<td align=\"center\">998<\/td>\n<td align=\"center\">15,2 km<\/td>\n<td align=\"center\">20.02.2022<\/td>\n<td>Mangfallgebirge<\/td>\n<\/tr>\n<tr>\n<td>Jochstein<\/td>\n<td align=\"center\">1448<\/td>\n<td align=\"center\">1049<\/td>\n<td align=\"center\">18,82 km<\/td>\n<td align=\"center\">27.02.2022<\/td>\n<td>Mangfallgebirge<\/td>\n<\/tr>\n<tr>\n<td>Brennkopf<\/td>\n<td align=\"center\">1353<\/td>\n<td align=\"center\">817<\/td>\n<td align=\"center\">11,72 km<\/td>\n<td align=\"center\">06.03.2022<\/td>\n<td>Chiemgauer Alpen\/Kaiserwinkel<\/td>\n<\/tr>\n<tr>\n<td>Feichteck<\/td>\n<td align=\"center\">1514<\/td>\n<td align=\"center\">-><\/td>\n<td align=\"center\"><\/td>\n<td align=\"center\"><\/td>\n<td>Chiemgauer Alpen<\/td>\n<\/tr>\n<tr>\n<td>Karkopf<\/td>\n<td align=\"center\">1496<\/td>\n<td align=\"center\">-><\/td>\n<td align=\"center\"><\/td>\n<td align=\"center\"><\/td>\n<td>Chiemgauer Alpen<\/td>\n<\/tr>\n<tr>\n<td>Hochries<\/td>\n<td align=\"center\">1568<\/td>\n<td align=\"center\">1178<\/td>\n<td align=\"center\">15,08 km<\/td>\n<td align=\"center\">12.03.2022<\/td>\n<td>Chiemgauer Alpen<\/td>\n<\/tr>\n<tr>\n<td>Rehleitenkopf<\/td>\n<td align=\"center\">1338<\/td>\n<td align=\"center\"><\/td>\n<td align=\"center\"><\/td>\n<td align=\"center\"><\/td>\n<td>Mangfallgebirge<\/td>\n<\/tr>\n<tr>\n<td>Gro\u00dfer Riesenkopf<\/td>\n<td align=\"center\">1337<\/td>\n<td align=\"center\">1224<\/td>\n<td align=\"center\">18,82 km<\/td>\n<td align=\"center\">20.03.2022<\/td>\n<td>Mangfallgebirge<\/td>\n<\/tr>\n<tr>\n<td>Rohnberg<\/td>\n<td align=\"center\">1265<\/td>\n<td align=\"center\">567<\/td>\n<td align=\"center\">10,73 km<\/td>\n<td align=\"center\">10.04.2022<\/td>\n<td>Bayrische Voralpen<\/td>\n<\/tr>\n<tr>\n<td>Karspitze<\/td>\n<td align=\"center\">1239<\/td>\n<td align=\"center\">682<\/td>\n<td align=\"center\">12,76 km<\/td>\n<td align=\"center\">14.04.2022<\/td>\n<td>Chiemgauer Alpen\/Kaiserwinkel<\/td>\n<\/tr>\n<tr>\n<td>Brennkopf<\/td>\n<td align=\"center\">1353<\/td>\n<td align=\"center\">-><\/td>\n<td align=\"center\"><\/td>\n<td align=\"center\"><\/td>\n<td>Chiemgauer Alpen\/Kaiserwinkel<\/td>\n<\/tr>\n<tr>\n<td>Wandberg<\/td>\n<td align=\"center\">1454<\/td>\n<td align=\"center\">840<\/td>\n<td align=\"center\">13,16 km<\/td>\n<td align=\"center\">17.04.2022<\/td>\n<td>Chiemgauer Alpen\/Kaiserwinkel<\/td>\n<\/tr>\n<tr>\n<td>Weitlahnerkopf<\/td>\n<td align=\"center\">1615<\/td>\n<td align=\"center\">1034<\/td>\n<td align=\"center\">14,70 km<\/td>\n<td align=\"center\">23.04.2022<\/td>\n<td>Chiemgauer Alpen<\/td>\n<\/tr>\n<tr>\n<td>Hochplatte<\/td>\n<td align=\"center\">1587<\/td>\n<td align=\"center\">-><\/td>\n<td align=\"center\"><\/td>\n<td align=\"center\"><\/td>\n<td>Chiemgauer Alpen<\/td>\n<\/tr>\n<tr>\n<td>Friedenrath<\/td>\n<td align=\"center\">1423<\/td>\n<td align=\"center\">1166<\/td>\n<td align=\"center\">14,70 km<\/td>\n<td align=\"center\">29.04.2022<\/td>\n<td>Chiemgauer Alpen<\/td>\n<\/tr>\n<tr>\n<td>Hochplatte<\/td>\n<td align=\"center\">1813<\/td>\n<td align=\"center\">926<\/td>\n<td align=\"center\">15,53 km<\/td>\n<td align=\"center\">08.05.2022<\/td>\n<td>Karwendelgebirge\/Achensee<\/td>\n<\/tr>\n<td>Pessenbacher Schneid<\/td>\n<td align=\"center\">1270<\/td>\n<td align=\"center\">-><\/td>\n<td align=\"center\"><\/td>\n<td align=\"center\"><\/td>\n<td>Bayrische Voraplen<\/td>\n<\/tr>\n<td>Rabenkopf<\/td>\n<td align=\"center\">1555<\/td>\n<td align=\"center\">955<\/td>\n<td align=\"center\">12,67 km<\/td>\n<td align=\"center\">11.05.2022<\/td>\n<td>Bayrische Voralpen<\/td>\n<\/tr>\n<td>Sch\u00e4rtenspitze<\/td>\n<td align=\"center\">2153<\/td>\n<td align=\"center\">1472<\/td>\n<td align=\"center\">15,91 km<\/td>\n<td align=\"center\">22.05.2022<\/td>\n<td>Berchtesgadener Alpen<\/td>\n<\/tr>\n<td>Hohe Kisten<\/td>\n<td align=\"center\">1922<\/td>\n<td align=\"center\">1149<\/td>\n<td align=\"center\">20,01 km<\/td>\n<td align=\"center\">26.05.2022<\/td>\n<td>Estergebirge\/Zugspitzregion<\/td>\n<\/tr>\n<td>Heuberg<\/td>\n<td align=\"center\">1603<\/td>\n<td align=\"center\">917<\/td>\n<td align=\"center\">13,55 km<\/td>\n<td align=\"center\">31.05.2022<\/td>\n<td>Zahmer Kaiser\/Kaiserwinkel<\/td>\n<\/tr>\n<\/tbody>\n<\/table>\n<table style=\"width: 75%;\">\n<colgroup>\n<col style=\"width: 35%;\" span=\"1\" \/>\n<col style=\"width: 35%;\" span=\"1\" \/> <\/colgroup>\n<thead>\n<tr>\n<th><b>Ein paar Statistiken<\/b><\/th>\n<th><\/th>\n<\/tr>\n<\/thead>\n<tbody>\n<tr>\n<td>Gipfel insgesamt:<\/td>\n<td>213<\/td>\n<\/tr>\n<tr>\n<td>H\u00f6henmeter insgesamt:<\/td>\n<td>159.486<\/td>\n<\/tr>\n<tr>\n<td>H\u00f6henmeter in 2022:<\/td>\n<td>21.654<\/td>\n<\/tr>\n<tr>\n<td>H\u00f6henmeter in 2021:<\/td>\n<td>41.307<\/td>\n<\/tr>\n<tr>\n<td>H\u00f6henmeter in 2020:<\/td>\n<td>54.134<\/td>\n<\/tr>\n<tr>\n<td>H\u00f6henmeter in 2019:<\/td>\n<td>32.473<\/td>\n<\/tr>\n<tr>\n<td>H\u00f6henmeter in 2018:<\/td>\n<td>9.918<\/td>\n<\/tr>\n<tr>\n<td>Distanz insgesamt km:<\/td>\n<td>2.188,47<\/td>\n<\/tr>\n<tr>\n<td>H\u00f6henmeter seit Transplantation am 30.10.2020<\/td>\n<td>68.485<\/td>\n<\/tr>\n<tr>\n<td>H\u00f6chster Berg<\/td>\n<td>Hoher Riffler 3231 Meter am 20.09.2020<\/td>\n<\/tr>\n<tr>\n<td>Meisten H\u00f6henmeter<\/td>\n<td>Sextener Rotwand 1700hm am 23.10.2019<\/td>\n<\/tr>\n<\/tbody>\n<\/table>\n","protected":false},"excerpt":{"rendered":"<div class=\"mh-excerpt\"><p>Hier liste ich die Gipfel auf, die ich seit der Vorbereitung zur Alpen\u00fcberquerung im Sommer 2018 erklommen habe: (Rote Eintr\u00e4ge: Klettern) (Blaue Eintr\u00e4ge: Gipfel im <a class=\"mh-excerpt-more\" href=\"https:\/\/www.meinedialysereisen.de\/?page_id=702\" title=\"Gipfelliste\">[&#8230;]<\/a><\/p>\n<\/div>","protected":false},"author":1,"featured_media":0,"parent":0,"menu_order":0,"comment_status":"closed","ping_status":"closed","template":"template-full.php","meta":{"footnotes":""},"class_list":["post-702","page","type-page","status-publish","hentry"],"_links":{"self":[{"href":"https:\/\/www.meinedialysereisen.de\/index.php?rest_route=\/wp\/v2\/pages\/702","targetHints":{"allow":["GET"]}}],"collection":[{"href":"https:\/\/www.meinedialysereisen.de\/index.php?rest_route=\/wp\/v2\/pages"}],"about":[{"href":"https:\/\/www.meinedialysereisen.de\/index.php?rest_route=\/wp\/v2\/types\/page"}],"author":[{"embeddable":true,"href":"https:\/\/www.meinedialysereisen.de\/index.php?rest_route=\/wp\/v2\/users\/1"}],"replies":[{"embeddable":true,"href":"https:\/\/www.meinedialysereisen.de\/index.php?rest_route=%2Fwp%2Fv2%2Fcomments&post=702"}],"version-history":[{"count":227,"href":"https:\/\/www.meinedialysereisen.de\/index.php?rest_route=\/wp\/v2\/pages\/702\/revisions"}],"predecessor-version":[{"id":1341,"href":"https:\/\/www.meinedialysereisen.de\/index.php?rest_route=\/wp\/v2\/pages\/702\/revisions\/1341"}],"wp:attachment":[{"href":"https:\/\/www.meinedialysereisen.de\/index.php?rest_route=%2Fwp%2Fv2%2Fmedia&parent=702"}],"curies":[{"name":"wp","href":"https:\/\/api.w.org\/{rel}","templated":true}]}}